{"id":11503,"date":"2025-08-20T10:47:47","date_gmt":"2025-08-20T08:47:47","guid":{"rendered":"https:\/\/preweb.artyplan.com\/empresa\/qui-som\/"},"modified":"2025-11-14T13:25:17","modified_gmt":"2025-11-14T11:25:17","slug":"qui-som","status":"publish","type":"page","link":"https:\/\/artyplanevents.com\/ca\/empresa\/qui-som\/","title":{"rendered":"Qui som"},"content":{"rendered":"\t\t<div data-elementor-type=\"wp-page\" data-elementor-id=\"11503\" class=\"elementor elementor-11503 elementor-3058\" data-elementor-post-type=\"page\">\n\t\t\t\t<main class=\"elementor-element elementor-element-86b9d08 e-con-full e-flex e-con e-parent\" data-id=\"86b9d08\" data-element_type=\"container\" data-e-type=\"container\">\n\t\t<div class=\"elementor-element elementor-element-3d39bb4 e-con-full e-flex e-con e-child\" data-id=\"3d39bb4\" data-element_type=\"container\" data-e-type=\"container\">\n\t\t<div class=\"elementor-element elementor-element-34940ba e-flex e-con-boxed e-con e-child\" data-id=\"34940ba\" data-element_type=\"container\" data-e-type=\"container\">\n\t\t\t\t\t<div class=\"e-con-inner\">\n\t\t\t\t<div class=\"elementor-element elementor-element-b29c0b7 elementor-widget elementor-widget-heading\" data-id=\"b29c0b7\" data-element_type=\"widget\" data-e-type=\"widget\" data-widget_type=\"heading.default\">\n\t\t\t\t<div class=\"elementor-widget-container\">\n\t\t\t\t\t<h1 class=\"elementor-heading-title elementor-size-default\">Qui som<\/h1>\t\t\t\t<\/div>\n\t\t\t\t<\/div>\n\t\t\t\t<div class=\"elementor-element elementor-element-4b991f9 elementor-widget elementor-widget-breadcrumbs\" data-id=\"4b991f9\" data-element_type=\"widget\" data-e-type=\"widget\" data-widget_type=\"breadcrumbs.default\">\n\t\t\t\t<div class=\"elementor-widget-container\">\n\t\t\t\t\t<p id=\"breadcrumbs\"><span><span><a href=\"https:\/\/artyplanevents.com\/ca\/\">Artyplan<\/a><\/span><\/span><\/p>\t\t\t\t<\/div>\n\t\t\t\t<\/div>\n\t\t\t\t\t<\/div>\n\t\t\t\t<\/div>\n\t\t\t\t<\/div>\n\t\t<section class=\"elementor-element elementor-element-9dcb8ed e-flex e-con-boxed e-con e-child\" data-id=\"9dcb8ed\" data-element_type=\"container\" data-e-type=\"container\">\n\t\t\t\t\t<div class=\"e-con-inner\">\n\t\t<div class=\"elementor-element elementor-element-51fde90 e-con-full e-flex e-con e-child\" data-id=\"51fde90\" data-element_type=\"container\" data-e-type=\"container\">\n\t\t\t\t<div class=\"elementor-element elementor-element-894d642 elementor-blockquote--skin-quotation elementor-widget elementor-widget-blockquote\" data-id=\"894d642\" data-element_type=\"widget\" data-e-type=\"widget\" data-widget_type=\"blockquote.default\">\n\t\t\t\t<div class=\"elementor-widget-container\">\n\t\t\t\t\t\t\t<blockquote class=\"elementor-blockquote\">\n\t\t\t<p class=\"elementor-blockquote__content\">\n\t\t\t\tSom el cam\u00ed que hem recorregut\t\t\t<\/p>\n\t\t\t\t\t<\/blockquote>\n\t\t\t\t\t\t<\/div>\n\t\t\t\t<\/div>\n\t\t\t\t<div class=\"elementor-element elementor-element-91cb633 elementor-widget elementor-widget-text-editor\" data-id=\"91cb633\" data-element_type=\"widget\" data-e-type=\"widget\" data-widget_type=\"text-editor.default\">\n\t\t\t\t<div class=\"elementor-widget-container\">\n\t\t\t\t\t\t\t\t\t<p data-start=\"0\" data-end=\"99\">La nostra traject\u00f2ria com a professionals dins del sector de la impressi\u00f3 es va<strong> iniciar l\u2019any 1965.<\/strong><\/p><p data-start=\"101\" data-end=\"329\">Des d\u2019aleshores, els nostres serveis han evolucionat adaptant-se a les noves tecnologies i a les demandes del mercat, i hem consolidat una reputaci\u00f3 s\u00f2lida oferint <strong>solucions de comunicaci\u00f3 gr\u00e0fica d\u2019alta qualitat i valor afegit.<\/strong><\/p><p data-start=\"331\" data-end=\"448\">Hem crescut aprenent de cada projecte i respectant el nostre saber fer, que procurem plasmar en cada treball lliurat.<\/p><p data-start=\"450\" data-end=\"716\" data-is-last-node=\"\" data-is-only-node=\"\">Aquest creixement no nom\u00e9s ha enfortit la nostra empresa, sin\u00f3 tamb\u00e9 l\u2019entorn que ens envolta: ens sentim <strong>especialment orgullosos<\/strong> de generar ocupaci\u00f3 estable i de contribuir al desenvolupament del teixit empresarial i industrial de les comunitats on tenim pres\u00e8ncia.<\/p>\t\t\t\t\t\t\t\t<\/div>\n\t\t\t\t<\/div>\n\t\t\t\t<\/div>\n\t\t<div class=\"elementor-element elementor-element-88dd763 e-con-full e-flex e-con e-child\" data-id=\"88dd763\" data-element_type=\"container\" data-e-type=\"container\">\n\t\t\t\t<div class=\"elementor-element elementor-element-3d78558 elementor-widget elementor-widget-image\" data-id=\"3d78558\" data-element_type=\"widget\" data-e-type=\"widget\" data-widget_type=\"image.default\">\n\t\t\t\t<div class=\"elementor-widget-container\">\n\t\t\t\t\t\t\t\t\t\t\t\t\t\t\t<img fetchpriority=\"high\" decoding=\"async\" width=\"2560\" height=\"1920\" src=\"https:\/\/artyplanevents.com\/wp-content\/uploads\/2025\/11\/artyplan-instalaciones.jpg\" class=\"attachment-full size-full wp-image-12101\" alt=\"Artyplan Central Sant Feli\u00fa\" srcset=\"https:\/\/artyplanevents.com\/wp-content\/uploads\/2025\/11\/artyplan-instalaciones.jpg 2560w, https:\/\/artyplanevents.com\/wp-content\/uploads\/2025\/11\/artyplan-instalaciones-300x225.jpg 300w, https:\/\/artyplanevents.com\/wp-content\/uploads\/2025\/11\/artyplan-instalaciones-1024x768.jpg 1024w, https:\/\/artyplanevents.com\/wp-content\/uploads\/2025\/11\/artyplan-instalaciones-768x576.jpg 768w, https:\/\/artyplanevents.com\/wp-content\/uploads\/2025\/11\/artyplan-instalaciones-1536x1152.jpg 1536w, https:\/\/artyplanevents.com\/wp-content\/uploads\/2025\/11\/artyplan-instalaciones-2048x1536.jpg 2048w\" sizes=\"(max-width: 2560px) 100vw, 2560px\" \/>\t\t\t\t\t\t\t\t\t\t\t\t\t\t\t<\/div>\n\t\t\t\t<\/div>\n\t\t\t\t<\/div>\n\t\t\t\t\t<\/div>\n\t\t\t\t<\/section>\n\t\t<section class=\"elementor-element elementor-element-f759835 e-flex e-con-boxed e-con e-child\" data-id=\"f759835\" data-element_type=\"container\" data-e-type=\"container\" data-settings=\"{&quot;background_background&quot;:&quot;classic&quot;}\">\n\t\t\t\t\t<div class=\"e-con-inner\">\n\t\t<article class=\"elementor-element elementor-element-c212546 e-con-full e-flex e-con e-child\" data-id=\"c212546\" data-element_type=\"container\" data-e-type=\"container\">\n\t\t\t\t<div class=\"elementor-element elementor-element-8c99967 elementor-widget elementor-widget-counter\" data-id=\"8c99967\" data-element_type=\"widget\" data-e-type=\"widget\" data-widget_type=\"counter.default\">\n\t\t\t\t<div class=\"elementor-widget-container\">\n\t\t\t\t\t\t\t<div class=\"elementor-counter\">\n\t\t\t<div class=\"elementor-counter-title\">Anys d\u2019experi\u00e8ncia<\/div>\t\t\t<div class=\"elementor-counter-number-wrapper\">\n\t\t\t\t<span class=\"elementor-counter-number-prefix\"><\/span>\n\t\t\t\t<span class=\"elementor-counter-number\" data-duration=\"2000\" data-to-value=\"60\" data-from-value=\"0\" data-delimiter=\",\">0<\/span>\n\t\t\t\t<span class=\"elementor-counter-number-suffix\"><\/span>\n\t\t\t<\/div>\n\t\t<\/div>\n\t\t\t\t\t\t<\/div>\n\t\t\t\t<\/div>\n\t\t\t\t<\/article>\n\t\t<article class=\"elementor-element elementor-element-4e41b50 e-con-full e-flex e-con e-child\" data-id=\"4e41b50\" data-element_type=\"container\" data-e-type=\"container\">\n\t\t\t\t<div class=\"elementor-element elementor-element-6b9d3dc elementor-widget elementor-widget-counter\" data-id=\"6b9d3dc\" data-element_type=\"widget\" data-e-type=\"widget\" data-widget_type=\"counter.default\">\n\t\t\t\t<div class=\"elementor-widget-container\">\n\t\t\t\t\t\t\t<div class=\"elementor-counter\">\n\t\t\t<div class=\"elementor-counter-title\">Projectes realitzats<\/div>\t\t\t<div class=\"elementor-counter-number-wrapper\">\n\t\t\t\t<span class=\"elementor-counter-number-prefix\"><\/span>\n\t\t\t\t<span class=\"elementor-counter-number\" data-duration=\"2000\" data-to-value=\"100\" data-from-value=\"0\" data-delimiter=\",\">0<\/span>\n\t\t\t\t<span class=\"elementor-counter-number-suffix\"><\/span>\n\t\t\t<\/div>\n\t\t<\/div>\n\t\t\t\t\t\t<\/div>\n\t\t\t\t<\/div>\n\t\t\t\t<\/article>\n\t\t<article class=\"elementor-element elementor-element-257bf67 e-con-full e-flex e-con e-child\" data-id=\"257bf67\" data-element_type=\"container\" data-e-type=\"container\">\n\t\t\t\t<div class=\"elementor-element elementor-element-9022de8 elementor-widget elementor-widget-counter\" data-id=\"9022de8\" data-element_type=\"widget\" data-e-type=\"widget\" data-widget_type=\"counter.default\">\n\t\t\t\t<div class=\"elementor-widget-container\">\n\t\t\t\t\t\t\t<div class=\"elementor-counter\">\n\t\t\t<div class=\"elementor-counter-title\">Professionals<\/div>\t\t\t<div class=\"elementor-counter-number-wrapper\">\n\t\t\t\t<span class=\"elementor-counter-number-prefix\"><\/span>\n\t\t\t\t<span class=\"elementor-counter-number\" data-duration=\"2000\" data-to-value=\"100\" data-from-value=\"0\" data-delimiter=\",\">0<\/span>\n\t\t\t\t<span class=\"elementor-counter-number-suffix\"><\/span>\n\t\t\t<\/div>\n\t\t<\/div>\n\t\t\t\t\t\t<\/div>\n\t\t\t\t<\/div>\n\t\t\t\t<\/article>\n\t\t\t\t\t<\/div>\n\t\t\t\t<\/section>\n\t\t<section class=\"elementor-element elementor-element-7edd85f e-flex e-con-boxed e-con e-child\" data-id=\"7edd85f\" data-element_type=\"container\" data-e-type=\"container\">\n\t\t\t\t\t<div class=\"e-con-inner\">\n\t\t<div class=\"elementor-element elementor-element-968171e e-con-full e-flex e-con e-child\" data-id=\"968171e\" data-element_type=\"container\" data-e-type=\"container\">\n\t\t\t\t<div class=\"elementor-element elementor-element-4c74ee8 elementor-widget elementor-widget-image\" data-id=\"4c74ee8\" data-element_type=\"widget\" data-e-type=\"widget\" data-widget_type=\"image.default\">\n\t\t\t\t<div class=\"elementor-widget-container\">\n\t\t\t\t\t\t\t\t\t\t\t\t\t\t\t<img decoding=\"async\" width=\"800\" height=\"457\" src=\"https:\/\/artyplanevents.com\/wp-content\/uploads\/2025\/08\/freepik__the-style-is-candid-image-photography-with-natural__9206-1024x585.png\" class=\"attachment-large size-large wp-image-3070\" alt=\"Personal als centres de producci\u00f3.\" srcset=\"https:\/\/artyplanevents.com\/wp-content\/uploads\/2025\/08\/freepik__the-style-is-candid-image-photography-with-natural__9206-1024x585.png 1024w, https:\/\/artyplanevents.com\/wp-content\/uploads\/2025\/08\/freepik__the-style-is-candid-image-photography-with-natural__9206-300x171.png 300w, https:\/\/artyplanevents.com\/wp-content\/uploads\/2025\/08\/freepik__the-style-is-candid-image-photography-with-natural__9206-768x439.png 768w, https:\/\/artyplanevents.com\/wp-content\/uploads\/2025\/08\/freepik__the-style-is-candid-image-photography-with-natural__9206.png 1344w\" sizes=\"(max-width: 800px) 100vw, 800px\" \/>\t\t\t\t\t\t\t\t\t\t\t\t\t\t\t<\/div>\n\t\t\t\t<\/div>\n\t\t\t\t<\/div>\n\t\t<div class=\"elementor-element elementor-element-039d584 e-con-full e-flex e-con e-child\" data-id=\"039d584\" data-element_type=\"container\" data-e-type=\"container\">\n\t\t\t\t<div class=\"elementor-element elementor-element-f912810 elementor-blockquote--skin-quotation elementor-widget elementor-widget-blockquote\" data-id=\"f912810\" data-element_type=\"widget\" data-e-type=\"widget\" data-widget_type=\"blockquote.default\">\n\t\t\t\t<div class=\"elementor-widget-container\">\n\t\t\t\t\t\t\t<blockquote class=\"elementor-blockquote\">\n\t\t\t<p class=\"elementor-blockquote__content\">\n\t\t\t\tSom cadascun dels projectes realitzats \t\t\t<\/p>\n\t\t\t\t\t<\/blockquote>\n\t\t\t\t\t\t<\/div>\n\t\t\t\t<\/div>\n\t\t\t\t<div class=\"elementor-element elementor-element-98ea1cc elementor-widget elementor-widget-text-editor\" data-id=\"98ea1cc\" data-element_type=\"widget\" data-e-type=\"widget\" data-widget_type=\"text-editor.default\">\n\t\t\t\t<div class=\"elementor-widget-container\">\n\t\t\t\t\t\t\t\t\t<h6 class=\"sr-only\">ChatGPT Plus<\/h6><div class=\"text-base my-auto mx-auto pb-10 [--thread-content-margin:--spacing(4)] thread-sm:[--thread-content-margin:--spacing(6)] thread-lg:[--thread-content-margin:--spacing(16)] px-(--thread-content-margin)\"><div class=\"[--thread-content-max-width:40rem] thread-lg:[--thread-content-max-width:48rem] mx-auto max-w-(--thread-content-max-width) flex-1 group\/turn-messages focus-visible:outline-hidden relative flex w-full min-w-0 flex-col agent-turn\" tabindex=\"-1\"><div class=\"flex max-w-full flex-col grow\"><div class=\"min-h-8 text-message relative flex w-full flex-col items-end gap-2 text-start break-words whitespace-normal [.text-message+&amp;]:mt-1\" dir=\"auto\" data-message-author-role=\"assistant\" data-message-id=\"6c7ba0f0-ee8f-4465-9383-aea39b74621a\" data-message-model-slug=\"gpt-5-thinking\"><div class=\"flex w-full flex-col gap-1 empty:hidden first:pt-[1px]\"><div class=\"markdown prose dark:prose-invert w-full break-words light markdown-new-styling\"><p data-start=\"0\" data-end=\"124\">Cada projecte \u00e9s \u00fanic per a nosaltres i volem que les nostres solucions d\u2019impressi\u00f3 tamb\u00e9 ho siguin per als nostres clients.<\/p><p data-start=\"126\" data-end=\"309\">Comptem amb un equip hum\u00e0 comprom\u00e8s, professional i amb valors, que acompanya cada proc\u00e9s des de la recepci\u00f3 de les necessitats d\u2019impressi\u00f3 fins al lliurament o la instal\u00b7laci\u00f3 final.<\/p><p data-start=\"311\" data-end=\"404\">Darrere de cada projecte hi ha persones, i s\u00f3n precisament elles qui donen sentit al que fem.<\/p><p data-start=\"406\" data-end=\"600\" data-is-last-node=\"\" data-is-only-node=\"\">S\u00f3n molts els casos d\u2019\u00e8xit que ens avalen en <strong>grans projectes de comunicaci\u00f3 gr\u00e0fica i gesti\u00f3 documental,<\/strong> dels quals <strong>hem apr\u00e8s<\/strong> i que ens han perm\u00e8s desenvolupar nous serveis per oferir al mercat.<\/p><\/div><\/div><\/div><\/div><\/div><\/div>\t\t\t\t\t\t\t\t<\/div>\n\t\t\t\t<\/div>\n\t\t\t\t<\/div>\n\t\t\t\t\t<\/div>\n\t\t\t\t<\/section>\n\t\t<section class=\"elementor-element elementor-element-b82a8e6 e-flex e-con-boxed e-con e-child\" data-id=\"b82a8e6\" data-element_type=\"container\" data-e-type=\"container\" data-settings=\"{&quot;background_background&quot;:&quot;classic&quot;}\">\n\t\t\t\t\t<div class=\"e-con-inner\">\n\t\t\t\t<div class=\"elementor-element elementor-element-e12d719 elementor-headline--style-highlight elementor-widget elementor-widget-animated-headline\" data-id=\"e12d719\" data-element_type=\"widget\" data-e-type=\"widget\" data-settings=\"{&quot;highlighted_text&quot;:&quot;comprom\\u00eds, humilitat i il\\u00b7lusi\\u00f3&quot;,&quot;marker&quot;:&quot;underline&quot;,&quot;headline_style&quot;:&quot;highlight&quot;,&quot;loop&quot;:&quot;yes&quot;,&quot;highlight_animation_duration&quot;:1200,&quot;highlight_iteration_delay&quot;:8000}\" data-widget_type=\"animated-headline.default\">\n\t\t\t\t<div class=\"elementor-widget-container\">\n\t\t\t\t\t\t\t<h2 class=\"elementor-headline\">\n\t\t\t\t\t<span class=\"elementor-headline-plain-text elementor-headline-text-wrapper\">Som <\/span>\n\t\t\t\t<span class=\"elementor-headline-dynamic-wrapper elementor-headline-text-wrapper\">\n\t\t\t\t\t<span class=\"elementor-headline-dynamic-text elementor-headline-text-active\">comprom\u00eds, humilitat i il\u00b7lusi\u00f3<\/span>\n\t\t\t\t<\/span>\n\t\t\t\t<\/h2>\n\t\t\t\t\t\t<\/div>\n\t\t\t\t<\/div>\n\t\t<div class=\"elementor-element elementor-element-3b72e0c e-flex e-con-boxed e-con e-child\" data-id=\"3b72e0c\" data-element_type=\"container\" data-e-type=\"container\">\n\t\t\t\t\t<div class=\"e-con-inner\">\n\t\t<div class=\"elementor-element elementor-element-6e7a40b e-con-full e-flex e-con e-child\" data-id=\"6e7a40b\" data-element_type=\"container\" data-e-type=\"container\">\n\t\t\t\t<div class=\"elementor-element elementor-element-f18eb8f elementor-widget elementor-widget-text-editor\" data-id=\"f18eb8f\" data-element_type=\"widget\" data-e-type=\"widget\" data-widget_type=\"text-editor.default\">\n\t\t\t\t<div class=\"elementor-widget-container\">\n\t\t\t\t\t\t\t\t\t<p style=\"text-align: center;\">La nostra evoluci\u00f3 i creixement s\u2019han basat en el comprom\u00eds. Principalment amb els nostres clients, per\u00f2 tamb\u00e9 amb: el medi ambient, l\u2019economia local i les canviants tend\u00e8ncies socials i culturals. <\/p><p style=\"text-align: center;\">Un comprom\u00eds amb el qual volem crear un ecosistema sostenible que generi noves oportunitats de negoci i projectes respectuosos amb el planeta. Promovem aquest comprom\u00eds social amb la mateixa humilitat i il\u00b7lusi\u00f3 que ens acompanyen des dels nostres inicis. <\/p>\t\t\t\t\t\t\t\t<\/div>\n\t\t\t\t<\/div>\n\t\t\t\t<\/div>\n\t\t\t\t\t<\/div>\n\t\t\t\t<\/div>\n\t\t\t\t\t<\/div>\n\t\t\t\t<\/section>\n\t\t<div class=\"elementor-element elementor-element-a85f752 e-flex e-con-boxed e-con e-child\" data-id=\"a85f752\" data-element_type=\"container\" data-e-type=\"container\">\n\t\t\t\t\t<div class=\"e-con-inner\">\n\t\t<article class=\"elementor-element elementor-element-711c845 e-con-full e-flex e-con e-child\" data-id=\"711c845\" data-element_type=\"container\" data-e-type=\"container\" data-settings=\"{&quot;background_background&quot;:&quot;classic&quot;}\">\n\t\t\t\t<div class=\"elementor-element elementor-element-6952e73 elementor-cta--skin-classic elementor-animated-content elementor-bg-transform elementor-bg-transform-zoom-in elementor-widget elementor-widget-call-to-action\" data-id=\"6952e73\" data-element_type=\"widget\" data-e-type=\"widget\" data-widget_type=\"call-to-action.default\">\n\t\t\t\t<div class=\"elementor-widget-container\">\n\t\t\t\t\t\t\t<div class=\"elementor-cta\">\n\t\t\t\t\t<div class=\"elementor-cta__bg-wrapper\">\n\t\t\t\t<div class=\"elementor-cta__bg elementor-bg\" style=\"background-image: url(https:\/\/artyplanevents.com\/wp-content\/uploads\/2025\/11\/alta-produccion.png);\" role=\"img\" aria-label=\"Centres d&#039;alta producci\u00f3\"><\/div>\n\t\t\t\t<div class=\"elementor-cta__bg-overlay\"><\/div>\n\t\t\t<\/div>\n\t\t\t\t\t\t\t<div class=\"elementor-cta__content\">\n\t\t\t\t\n\t\t\t\t\t\t\t\t\t<h2 class=\"elementor-cta__title elementor-cta__content-item elementor-content-item\">\n\t\t\t\t\t\tCENTRES D\u2019ALTA PRODUCCI\u00d3\t\t\t\t\t<\/h2>\n\t\t\t\t\n\t\t\t\t\t\t\t\t\t<div class=\"elementor-cta__description elementor-cta__content-item elementor-content-item\">\n\t\t\t\t\t\tComptem amb centres de producci\u00f3 interconnectats entre Barcelona i Madrid.\t\t\t\t\t<\/div>\n\t\t\t\t\n\t\t\t\t\t\t\t\t\t<div class=\"elementor-cta__button-wrapper elementor-cta__content-item elementor-content-item \">\n\t\t\t\t\t<a class=\"elementor-cta__button elementor-button elementor-size-\" href=\"https:\/\/artyplanevents.com\/centros\/centros-de-alta-produccion\/\">\n\t\t\t\t\t\tSaber m\u00e9s\t\t\t\t\t<\/a>\n\t\t\t\t\t<\/div>\n\t\t\t\t\t\t\t<\/div>\n\t\t\t\t\t\t<\/div>\n\t\t\t\t\t\t<\/div>\n\t\t\t\t<\/div>\n\t\t\t\t<\/article>\n\t\t<article class=\"elementor-element elementor-element-66a49eb e-con-full e-flex e-con e-child\" data-id=\"66a49eb\" data-element_type=\"container\" data-e-type=\"container\">\n\t\t\t\t<div class=\"elementor-element elementor-element-b14c881 elementor-cta--skin-classic elementor-animated-content elementor-bg-transform elementor-bg-transform-zoom-in elementor-widget elementor-widget-call-to-action\" data-id=\"b14c881\" data-element_type=\"widget\" data-e-type=\"widget\" data-widget_type=\"call-to-action.default\">\n\t\t\t\t<div class=\"elementor-widget-container\">\n\t\t\t\t\t\t\t<div class=\"elementor-cta\">\n\t\t\t\t\t<div class=\"elementor-cta__bg-wrapper\">\n\t\t\t\t<div class=\"elementor-cta__bg elementor-bg\" style=\"background-image: url(https:\/\/artyplanevents.com\/wp-content\/uploads\/2024\/11\/artyplan-laietana-800x600.jpg);\" role=\"img\" aria-label=\"Artyplan Laietana\"><\/div>\n\t\t\t\t<div class=\"elementor-cta__bg-overlay\"><\/div>\n\t\t\t<\/div>\n\t\t\t\t\t\t\t<div class=\"elementor-cta__content\">\n\t\t\t\t\n\t\t\t\t\t\t\t\t\t<h2 class=\"elementor-cta__title elementor-cta__content-item elementor-content-item\">\n\t\t\t\t\t\tCENTRES D\u2019IMPRESSI\u00d3\t\t\t\t\t<\/h2>\n\t\t\t\t\n\t\t\t\t\t\t\t\t\t<div class=\"elementor-cta__description elementor-cta__content-item elementor-content-item\">\n\t\t\t\t\t\tDescobreix els nostres centres d\u2019impressi\u00f3 a Barcelona, Vic i Reus.\t\t\t\t\t<\/div>\n\t\t\t\t\n\t\t\t\t\t\t\t\t\t<div class=\"elementor-cta__button-wrapper elementor-cta__content-item elementor-content-item \">\n\t\t\t\t\t<a class=\"elementor-cta__button elementor-button elementor-size-\" href=\"https:\/\/artyplanevents.com\/centros\/centros-impresion\/\">\n\t\t\t\t\t\tSaber m\u00e9s\t\t\t\t\t<\/a>\n\t\t\t\t\t<\/div>\n\t\t\t\t\t\t\t<\/div>\n\t\t\t\t\t\t<\/div>\n\t\t\t\t\t\t<\/div>\n\t\t\t\t<\/div>\n\t\t\t\t<\/article>\n\t\t\t\t\t<\/div>\n\t\t\t\t<\/div>\n\t\t\t\t<\/main>\n\t\t\t\t<\/div>\n\t\t","protected":false},"excerpt":{"rendered":"<p>Qui som Som el cam\u00ed que hem recorregut La nostra traject\u00f2ria com a professionals dins del sector de la impressi\u00f3 es va iniciar l\u2019any 1965. Des d\u2019aleshores, els nostres serveis han evolucionat adaptant-se a les noves tecnologies i a les demandes del mercat, i hem consolidat una reputaci\u00f3 s\u00f2lida oferint solucions de comunicaci\u00f3 gr\u00e0fica d\u2019alta [&hellip;]<\/p>\n","protected":false},"author":3,"featured_media":3139,"parent":11501,"menu_order":0,"comment_status":"closed","ping_status":"closed","template":"elementor_header_footer","meta":{"footnotes":""},"class_list":["post-11503","page","type-page","status-publish","has-post-thumbnail","hentry"],"yoast_head":"<!-- This site is optimized with the Yoast SEO plugin v27.4 - https:\/\/yoast.com\/product\/yoast-seo-wordpress\/ -->\n<title>Sobre Artyplan: equip i valors - Artyplan<\/title>\n<meta name=\"description\" content=\"Aix\u00ed \u00e9s Artyplan per dins: cultura col\u00b7laborativa, tecnologia avan\u00e7ada i atenci\u00f3 personalitzada per impulsar els teus projectes.\" \/>\n<meta name=\"robots\" content=\"noindex, follow, max-snippet:-1, max-image-preview:large, max-video-preview:-1\" \/>\n<meta property=\"og:locale\" content=\"ca_ES\" \/>\n<meta property=\"og:type\" content=\"article\" \/>\n<meta property=\"og:title\" content=\"Sobre Artyplan: equip i valors - Artyplan\" \/>\n<meta property=\"og:description\" content=\"Aix\u00ed \u00e9s Artyplan per dins: cultura col\u00b7laborativa, tecnologia avan\u00e7ada i atenci\u00f3 personalitzada per impulsar els teus projectes.\" \/>\n<meta property=\"og:url\" content=\"https:\/\/artyplanevents.com\/ca\/empresa\/qui-som\/\" \/>\n<meta property=\"og:site_name\" content=\"Artyplan\" \/>\n<meta property=\"article:publisher\" content=\"https:\/\/www.facebook.com\/artyplan\" \/>\n<meta property=\"article:modified_time\" content=\"2025-11-14T11:25:17+00:00\" \/>\n<meta property=\"og:image\" content=\"https:\/\/artyplanevents.com\/wp-content\/uploads\/2025\/08\/sobre-nosotros.png\" \/>\n\t<meta property=\"og:image:width\" content=\"1344\" \/>\n\t<meta property=\"og:image:height\" content=\"768\" \/>\n\t<meta property=\"og:image:type\" content=\"image\/png\" \/>\n<meta name=\"twitter:card\" content=\"summary_large_image\" \/>\n<meta name=\"twitter:site\" content=\"@artyplan\" \/>\n<meta name=\"twitter:label1\" content=\"Temps estimat de lectura\" \/>\n\t<meta name=\"twitter:data1\" content=\"3 minuts\" \/>\n<script type=\"application\/ld+json\" class=\"yoast-schema-graph\">{\"@context\":\"https:\\\/\\\/schema.org\",\"@graph\":[{\"@type\":\"WebPage\",\"@id\":\"https:\\\/\\\/artyplanevents.com\\\/ca\\\/empresa\\\/qui-som\\\/\",\"url\":\"https:\\\/\\\/artyplanevents.com\\\/ca\\\/empresa\\\/qui-som\\\/\",\"name\":\"Sobre Artyplan: equip i valors - Artyplan\",\"isPartOf\":{\"@id\":\"https:\\\/\\\/artyplanevents.com\\\/ca\\\/#website\"},\"primaryImageOfPage\":{\"@id\":\"https:\\\/\\\/artyplanevents.com\\\/ca\\\/empresa\\\/qui-som\\\/#primaryimage\"},\"image\":{\"@id\":\"https:\\\/\\\/artyplanevents.com\\\/ca\\\/empresa\\\/qui-som\\\/#primaryimage\"},\"thumbnailUrl\":\"https:\\\/\\\/artyplanevents.com\\\/wp-content\\\/uploads\\\/2025\\\/08\\\/sobre-nosotros.png\",\"datePublished\":\"2025-08-20T08:47:47+00:00\",\"dateModified\":\"2025-11-14T11:25:17+00:00\",\"description\":\"Aix\u00ed \u00e9s Artyplan per dins: cultura col\u00b7laborativa, tecnologia avan\u00e7ada i atenci\u00f3 personalitzada per impulsar els teus projectes.\",\"breadcrumb\":{\"@id\":\"https:\\\/\\\/artyplanevents.com\\\/ca\\\/empresa\\\/qui-som\\\/#breadcrumb\"},\"inLanguage\":\"ca\",\"potentialAction\":[{\"@type\":\"ReadAction\",\"target\":[\"https:\\\/\\\/artyplanevents.com\\\/ca\\\/empresa\\\/qui-som\\\/\"]}]},{\"@type\":\"ImageObject\",\"inLanguage\":\"ca\",\"@id\":\"https:\\\/\\\/artyplanevents.com\\\/ca\\\/empresa\\\/qui-som\\\/#primaryimage\",\"url\":\"https:\\\/\\\/artyplanevents.com\\\/wp-content\\\/uploads\\\/2025\\\/08\\\/sobre-nosotros.png\",\"contentUrl\":\"https:\\\/\\\/artyplanevents.com\\\/wp-content\\\/uploads\\\/2025\\\/08\\\/sobre-nosotros.png\",\"width\":1344,\"height\":768,\"caption\":\"Sobre nosaltres.\"},{\"@type\":\"BreadcrumbList\",\"@id\":\"https:\\\/\\\/artyplanevents.com\\\/ca\\\/empresa\\\/qui-som\\\/#breadcrumb\",\"itemListElement\":[{\"@type\":\"ListItem\",\"position\":1,\"name\":\"Artyplan\",\"item\":\"https:\\\/\\\/artyplanevents.com\\\/ca\\\/\"},{\"@type\":\"ListItem\",\"position\":2,\"name\":\"Empresa\",\"item\":\"https:\\\/\\\/artyplanevents.com\\\/ca\\\/empresa\\\/\"},{\"@type\":\"ListItem\",\"position\":3,\"name\":\"Qui som\"}]},{\"@type\":\"WebSite\",\"@id\":\"https:\\\/\\\/artyplanevents.com\\\/ca\\\/#website\",\"url\":\"https:\\\/\\\/artyplanevents.com\\\/ca\\\/\",\"name\":\"Artyplan\",\"description\":\"\",\"publisher\":{\"@id\":\"https:\\\/\\\/artyplanevents.com\\\/ca\\\/#organization\"},\"potentialAction\":[{\"@type\":\"SearchAction\",\"target\":{\"@type\":\"EntryPoint\",\"urlTemplate\":\"https:\\\/\\\/artyplanevents.com\\\/ca\\\/?s={search_term_string}\"},\"query-input\":{\"@type\":\"PropertyValueSpecification\",\"valueRequired\":true,\"valueName\":\"search_term_string\"}}],\"inLanguage\":\"ca\"},{\"@type\":\"Organization\",\"@id\":\"https:\\\/\\\/artyplanevents.com\\\/ca\\\/#organization\",\"name\":\"Artyplan\",\"url\":\"https:\\\/\\\/artyplanevents.com\\\/ca\\\/\",\"logo\":{\"@type\":\"ImageObject\",\"inLanguage\":\"ca\",\"@id\":\"https:\\\/\\\/artyplanevents.com\\\/ca\\\/#\\\/schema\\\/logo\\\/image\\\/\",\"url\":\"https:\\\/\\\/preweb.artyplan.com\\\/wp-content\\\/uploads\\\/2025\\\/11\\\/Logo-artyplan-690x690-1.png\",\"contentUrl\":\"https:\\\/\\\/preweb.artyplan.com\\\/wp-content\\\/uploads\\\/2025\\\/11\\\/Logo-artyplan-690x690-1.png\",\"width\":690,\"height\":690,\"caption\":\"Artyplan\"},\"image\":{\"@id\":\"https:\\\/\\\/artyplanevents.com\\\/ca\\\/#\\\/schema\\\/logo\\\/image\\\/\"},\"sameAs\":[\"https:\\\/\\\/www.facebook.com\\\/artyplan\",\"https:\\\/\\\/x.com\\\/artyplan\"]}]}<\/script>\n<!-- \/ Yoast SEO plugin. -->","yoast_head_json":{"title":"Sobre Artyplan: equip i valors - Artyplan","description":"Aix\u00ed \u00e9s Artyplan per dins: cultura col\u00b7laborativa, tecnologia avan\u00e7ada i atenci\u00f3 personalitzada per impulsar els teus projectes.","robots":{"index":"noindex","follow":"follow","max-snippet":"max-snippet:-1","max-image-preview":"max-image-preview:large","max-video-preview":"max-video-preview:-1"},"og_locale":"ca_ES","og_type":"article","og_title":"Sobre Artyplan: equip i valors - Artyplan","og_description":"Aix\u00ed \u00e9s Artyplan per dins: cultura col\u00b7laborativa, tecnologia avan\u00e7ada i atenci\u00f3 personalitzada per impulsar els teus projectes.","og_url":"https:\/\/artyplanevents.com\/ca\/empresa\/qui-som\/","og_site_name":"Artyplan","article_publisher":"https:\/\/www.facebook.com\/artyplan","article_modified_time":"2025-11-14T11:25:17+00:00","og_image":[{"width":1344,"height":768,"url":"https:\/\/artyplanevents.com\/wp-content\/uploads\/2025\/08\/sobre-nosotros.png","type":"image\/png"}],"twitter_card":"summary_large_image","twitter_site":"@artyplan","twitter_misc":{"Temps estimat de lectura":"3 minuts"},"schema":{"@context":"https:\/\/schema.org","@graph":[{"@type":"WebPage","@id":"https:\/\/artyplanevents.com\/ca\/empresa\/qui-som\/","url":"https:\/\/artyplanevents.com\/ca\/empresa\/qui-som\/","name":"Sobre Artyplan: equip i valors - Artyplan","isPartOf":{"@id":"https:\/\/artyplanevents.com\/ca\/#website"},"primaryImageOfPage":{"@id":"https:\/\/artyplanevents.com\/ca\/empresa\/qui-som\/#primaryimage"},"image":{"@id":"https:\/\/artyplanevents.com\/ca\/empresa\/qui-som\/#primaryimage"},"thumbnailUrl":"https:\/\/artyplanevents.com\/wp-content\/uploads\/2025\/08\/sobre-nosotros.png","datePublished":"2025-08-20T08:47:47+00:00","dateModified":"2025-11-14T11:25:17+00:00","description":"Aix\u00ed \u00e9s Artyplan per dins: cultura col\u00b7laborativa, tecnologia avan\u00e7ada i atenci\u00f3 personalitzada per impulsar els teus projectes.","breadcrumb":{"@id":"https:\/\/artyplanevents.com\/ca\/empresa\/qui-som\/#breadcrumb"},"inLanguage":"ca","potentialAction":[{"@type":"ReadAction","target":["https:\/\/artyplanevents.com\/ca\/empresa\/qui-som\/"]}]},{"@type":"ImageObject","inLanguage":"ca","@id":"https:\/\/artyplanevents.com\/ca\/empresa\/qui-som\/#primaryimage","url":"https:\/\/artyplanevents.com\/wp-content\/uploads\/2025\/08\/sobre-nosotros.png","contentUrl":"https:\/\/artyplanevents.com\/wp-content\/uploads\/2025\/08\/sobre-nosotros.png","width":1344,"height":768,"caption":"Sobre nosaltres."},{"@type":"BreadcrumbList","@id":"https:\/\/artyplanevents.com\/ca\/empresa\/qui-som\/#breadcrumb","itemListElement":[{"@type":"ListItem","position":1,"name":"Artyplan","item":"https:\/\/artyplanevents.com\/ca\/"},{"@type":"ListItem","position":2,"name":"Empresa","item":"https:\/\/artyplanevents.com\/ca\/empresa\/"},{"@type":"ListItem","position":3,"name":"Qui som"}]},{"@type":"WebSite","@id":"https:\/\/artyplanevents.com\/ca\/#website","url":"https:\/\/artyplanevents.com\/ca\/","name":"Artyplan","description":"","publisher":{"@id":"https:\/\/artyplanevents.com\/ca\/#organization"},"potentialAction":[{"@type":"SearchAction","target":{"@type":"EntryPoint","urlTemplate":"https:\/\/artyplanevents.com\/ca\/?s={search_term_string}"},"query-input":{"@type":"PropertyValueSpecification","valueRequired":true,"valueName":"search_term_string"}}],"inLanguage":"ca"},{"@type":"Organization","@id":"https:\/\/artyplanevents.com\/ca\/#organization","name":"Artyplan","url":"https:\/\/artyplanevents.com\/ca\/","logo":{"@type":"ImageObject","inLanguage":"ca","@id":"https:\/\/artyplanevents.com\/ca\/#\/schema\/logo\/image\/","url":"https:\/\/preweb.artyplan.com\/wp-content\/uploads\/2025\/11\/Logo-artyplan-690x690-1.png","contentUrl":"https:\/\/preweb.artyplan.com\/wp-content\/uploads\/2025\/11\/Logo-artyplan-690x690-1.png","width":690,"height":690,"caption":"Artyplan"},"image":{"@id":"https:\/\/artyplanevents.com\/ca\/#\/schema\/logo\/image\/"},"sameAs":["https:\/\/www.facebook.com\/artyplan","https:\/\/x.com\/artyplan"]}]}},"_links":{"self":[{"href":"https:\/\/artyplanevents.com\/ca\/wp-json\/wp\/v2\/pages\/11503","targetHints":{"allow":["GET"]}}],"collection":[{"href":"https:\/\/artyplanevents.com\/ca\/wp-json\/wp\/v2\/pages"}],"about":[{"href":"https:\/\/artyplanevents.com\/ca\/wp-json\/wp\/v2\/types\/page"}],"author":[{"embeddable":true,"href":"https:\/\/artyplanevents.com\/ca\/wp-json\/wp\/v2\/users\/3"}],"replies":[{"embeddable":true,"href":"https:\/\/artyplanevents.com\/ca\/wp-json\/wp\/v2\/comments?post=11503"}],"version-history":[{"count":16,"href":"https:\/\/artyplanevents.com\/ca\/wp-json\/wp\/v2\/pages\/11503\/revisions"}],"predecessor-version":[{"id":12671,"href":"https:\/\/artyplanevents.com\/ca\/wp-json\/wp\/v2\/pages\/11503\/revisions\/12671"}],"up":[{"embeddable":true,"href":"https:\/\/artyplanevents.com\/ca\/wp-json\/wp\/v2\/pages\/11501"}],"wp:featuredmedia":[{"embeddable":true,"href":"https:\/\/artyplanevents.com\/ca\/wp-json\/wp\/v2\/media\/3139"}],"wp:attachment":[{"href":"https:\/\/artyplanevents.com\/ca\/wp-json\/wp\/v2\/media?parent=11503"}],"curies":[{"name":"wp","href":"https:\/\/api.w.org\/{rel}","templated":true}]}}