{"id":11505,"date":"2025-09-08T11:21:52","date_gmt":"2025-09-08T09:21:52","guid":{"rendered":"https:\/\/preweb.artyplan.com\/empresa\/impressio-sostenible-green-print\/"},"modified":"2025-11-21T11:39:17","modified_gmt":"2025-11-21T09:39:17","slug":"impressio-sostenible-green-print","status":"publish","type":"page","link":"https:\/\/artyplanevents.com\/ca\/empresa\/impressio-sostenible-green-print\/","title":{"rendered":"Impressi\u00f3 sostenible \/ Green Print"},"content":{"rendered":"\t\t<div data-elementor-type=\"wp-page\" data-elementor-id=\"11505\" class=\"elementor elementor-11505 elementor-8202\" data-elementor-post-type=\"page\">\n\t\t\t\t<main class=\"elementor-element elementor-element-86b9d08 e-con-full e-flex e-con e-parent\" data-id=\"86b9d08\" data-element_type=\"container\" data-e-type=\"container\">\n\t\t<div class=\"elementor-element elementor-element-2cd7a38 e-con-full e-flex e-con e-child\" data-id=\"2cd7a38\" data-element_type=\"container\" data-e-type=\"container\">\n\t\t<div class=\"elementor-element elementor-element-07841e3 e-flex e-con-boxed e-con e-child\" data-id=\"07841e3\" data-element_type=\"container\" data-e-type=\"container\">\n\t\t\t\t\t<div class=\"e-con-inner\">\n\t\t\t\t<div class=\"elementor-element elementor-element-5e5c8ee elementor-widget elementor-widget-heading\" data-id=\"5e5c8ee\" data-element_type=\"widget\" data-e-type=\"widget\" data-widget_type=\"heading.default\">\n\t\t\t\t<div class=\"elementor-widget-container\">\n\t\t\t\t\t<h1 class=\"elementor-heading-title elementor-size-default\">Impressi\u00f3 sostenible \/ GREEN PRINT<\/h1>\t\t\t\t<\/div>\n\t\t\t\t<\/div>\n\t\t\t\t<div class=\"elementor-element elementor-element-87d25db elementor-widget elementor-widget-breadcrumbs\" data-id=\"87d25db\" data-element_type=\"widget\" data-e-type=\"widget\" data-widget_type=\"breadcrumbs.default\">\n\t\t\t\t<div class=\"elementor-widget-container\">\n\t\t\t\t\t<p id=\"breadcrumbs\"><span><span><a href=\"https:\/\/artyplanevents.com\/ca\/\">Artyplan<\/a><\/span><\/span><\/p>\t\t\t\t<\/div>\n\t\t\t\t<\/div>\n\t\t\t\t\t<\/div>\n\t\t\t\t<\/div>\n\t\t\t\t<\/div>\n\t\t<section class=\"elementor-element elementor-element-9dcb8ed e-flex e-con-boxed e-con e-child\" data-id=\"9dcb8ed\" data-element_type=\"container\" data-e-type=\"container\">\n\t\t\t\t\t<div class=\"e-con-inner\">\n\t\t<div class=\"elementor-element elementor-element-51fde90 e-con-full e-flex e-con e-child\" data-id=\"51fde90\" data-element_type=\"container\" data-e-type=\"container\">\n\t\t\t\t<div class=\"elementor-element elementor-element-91cb633 elementor-widget elementor-widget-text-editor\" data-id=\"91cb633\" data-element_type=\"widget\" data-e-type=\"widget\" data-widget_type=\"text-editor.default\">\n\t\t\t\t<div class=\"elementor-widget-container\">\n\t\t\t\t\t\t\t\t\t<p style=\"text-align: center;\">Som conscients de l\u2019emerg\u00e8ncia clim\u00e0tica i \u00e9s per aix\u00f2 que vetllar per la preservaci\u00f3 i el manteniment del medi ambient forma part de la nostra filosofia. El nostre comprom\u00eds amb la sostenibilitat es trasllada a totes les \u00e0rees del nostre treball per reduir al m\u00ednim la nostra petjada de carboni. <\/p><p style=\"text-align: center;\">Un comprom\u00eds ecol\u00f2gic durant tot el proc\u00e9s de producci\u00f3, amb la maquin\u00e0ria i les tintes utilitzades, que no emeten compostos org\u00e0nics vol\u00e0tils (COV), i tamb\u00e9 amb els<br>materials sostenibles, certificats de menor impacte ambiental, que posem a disposici\u00f3 dels clients.<\/p>\t\t\t\t\t\t\t\t<\/div>\n\t\t\t\t<\/div>\n\t\t\t\t<\/div>\n\t\t\t\t\t<\/div>\n\t\t\t\t<\/section>\n\t\t<section class=\"elementor-element elementor-element-f759835 e-flex e-con-boxed e-con e-child\" data-id=\"f759835\" data-element_type=\"container\" data-e-type=\"container\" data-settings=\"{&quot;background_background&quot;:&quot;classic&quot;}\">\n\t\t\t\t\t<div class=\"e-con-inner\">\n\t\t<article class=\"elementor-element elementor-element-e8fbc98 e-con-full e-flex e-con e-child\" data-id=\"e8fbc98\" data-element_type=\"container\" data-e-type=\"container\">\n\t\t\t\t<div class=\"elementor-element elementor-element-c234e21 elementor-position-top elementor-widget elementor-widget-image-box\" data-id=\"c234e21\" data-element_type=\"widget\" data-e-type=\"widget\" data-widget_type=\"image-box.default\">\n\t\t\t\t<div class=\"elementor-widget-container\">\n\t\t\t\t\t<div class=\"elementor-image-box-wrapper\"><figure class=\"elementor-image-box-img\"><img fetchpriority=\"high\" decoding=\"async\" width=\"709\" height=\"709\" src=\"https:\/\/artyplanevents.com\/wp-content\/uploads\/2025\/09\/iso-9001-urs.png\" class=\"attachment-full size-full wp-image-8206\" alt=\"ISO-9001_URS\" srcset=\"https:\/\/artyplanevents.com\/wp-content\/uploads\/2025\/09\/iso-9001-urs.png 709w, https:\/\/artyplanevents.com\/wp-content\/uploads\/2025\/09\/iso-9001-urs-300x300.png 300w, https:\/\/artyplanevents.com\/wp-content\/uploads\/2025\/09\/iso-9001-urs-150x150.png 150w\" sizes=\"(max-width: 709px) 100vw, 709px\" \/><\/figure><div class=\"elementor-image-box-content\"><p class=\"elementor-image-box-description\"><strong>ISO 900.<\/strong> Aquesta norma internacional estableix els requisits per a un sistema de gesti\u00f3 ambiental efectiu, que ens ajuda a gestionar de manera m\u00e9s eficient els nostres impactes ambientals i a promoure pr\u00e0ctiques sostenibles a totes les nostres operacions.<\/p><\/div><\/div>\t\t\t\t<\/div>\n\t\t\t\t<\/div>\n\t\t\t\t<\/article>\n\t\t<article class=\"elementor-element elementor-element-df909a0 e-con-full e-flex e-con e-child\" data-id=\"df909a0\" data-element_type=\"container\" data-e-type=\"container\">\n\t\t\t\t<div class=\"elementor-element elementor-element-d63db22 elementor-position-top elementor-widget elementor-widget-image-box\" data-id=\"d63db22\" data-element_type=\"widget\" data-e-type=\"widget\" data-widget_type=\"image-box.default\">\n\t\t\t\t<div class=\"elementor-widget-container\">\n\t\t\t\t\t<div class=\"elementor-image-box-wrapper\"><figure class=\"elementor-image-box-img\"><img decoding=\"async\" width=\"709\" height=\"709\" src=\"https:\/\/artyplanevents.com\/wp-content\/uploads\/2025\/09\/iso-14001-urs.png\" class=\"attachment-full size-full wp-image-8208\" alt=\"ISO-14001_URS\" srcset=\"https:\/\/artyplanevents.com\/wp-content\/uploads\/2025\/09\/iso-14001-urs.png 709w, https:\/\/artyplanevents.com\/wp-content\/uploads\/2025\/09\/iso-14001-urs-300x300.png 300w, https:\/\/artyplanevents.com\/wp-content\/uploads\/2025\/09\/iso-14001-urs-150x150.png 150w\" sizes=\"(max-width: 709px) 100vw, 709px\" \/><\/figure><div class=\"elementor-image-box-content\"><p class=\"elementor-image-box-description\"><strong>ISO 14001.<\/strong> Aquesta norma internacional estableix els requisits per a un sistema de gesti\u00f3 ambiental efectiu, que ens ajuda a gestionar de manera m\u00e9s eficient els nostres impactes ambientals i a promoure pr\u00e0ctiques sostenibles a totes les nostres operacions.<\/p><\/div><\/div>\t\t\t\t<\/div>\n\t\t\t\t<\/div>\n\t\t\t\t<\/article>\n\t\t<article class=\"elementor-element elementor-element-f009971 e-con-full e-flex e-con e-child\" data-id=\"f009971\" data-element_type=\"container\" data-e-type=\"container\">\n\t\t\t\t<div class=\"elementor-element elementor-element-f8b8642 elementor-position-top elementor-widget elementor-widget-image-box\" data-id=\"f8b8642\" data-element_type=\"widget\" data-e-type=\"widget\" data-widget_type=\"image-box.default\">\n\t\t\t\t<div class=\"elementor-widget-container\">\n\t\t\t\t\t<div class=\"elementor-image-box-wrapper\"><figure class=\"elementor-image-box-img\"><img decoding=\"async\" width=\"751\" height=\"730\" src=\"https:\/\/artyplanevents.com\/wp-content\/uploads\/2025\/09\/FSC.png\" class=\"attachment-full size-full wp-image-8216\" alt=\"FSC\" srcset=\"https:\/\/artyplanevents.com\/wp-content\/uploads\/2025\/09\/FSC.png 751w, https:\/\/artyplanevents.com\/wp-content\/uploads\/2025\/09\/FSC-300x292.png 300w\" sizes=\"(max-width: 751px) 100vw, 751px\" \/><\/figure><div class=\"elementor-image-box-content\"><p class=\"elementor-image-box-description\">Aquesta norma internacional estableix els requisits per a un sistema de gesti\u00f3 ambiental efectiu, que ens ajuda a gestionar de manera m\u00e9s eficient els nostres impactes ambientals i a promoure pr\u00e0ctiques sostenibles a totes les nostres operacions.<\/p><\/div><\/div>\t\t\t\t<\/div>\n\t\t\t\t<\/div>\n\t\t\t\t<\/article>\n\t\t<article class=\"elementor-element elementor-element-c212546 e-con-full e-flex e-con e-child\" data-id=\"c212546\" data-element_type=\"container\" data-e-type=\"container\">\n\t\t\t\t<div class=\"elementor-element elementor-element-73d0258 elementor-position-top elementor-widget elementor-widget-image-box\" data-id=\"73d0258\" data-element_type=\"widget\" data-e-type=\"widget\" data-widget_type=\"image-box.default\">\n\t\t\t\t<div class=\"elementor-widget-container\">\n\t\t\t\t\t<div class=\"elementor-image-box-wrapper\"><figure class=\"elementor-image-box-img\"><img loading=\"lazy\" decoding=\"async\" width=\"751\" height=\"729\" src=\"https:\/\/artyplanevents.com\/wp-content\/uploads\/2025\/09\/ecologo.png\" class=\"attachment-full size-full wp-image-8212\" alt=\"Ecologo\" srcset=\"https:\/\/artyplanevents.com\/wp-content\/uploads\/2025\/09\/ecologo.png 751w, https:\/\/artyplanevents.com\/wp-content\/uploads\/2025\/09\/ecologo-300x291.png 300w\" sizes=\"(max-width: 751px) 100vw, 751px\" \/><\/figure><div class=\"elementor-image-box-content\"><p class=\"elementor-image-box-description\">Garanteix que una tinta compleixi un conjunt d\u2019atributs i criteris basats en el cicle de vida vinculats a consideracions mediambientals i de salut humana, assegurant confian\u00e7a, responsabilitat i sostenibilitat contrastada.<\/p><\/div><\/div>\t\t\t\t<\/div>\n\t\t\t\t<\/div>\n\t\t\t\t<\/article>\n\t\t<article class=\"elementor-element elementor-element-4e41b50 e-con-full e-flex e-con e-child\" data-id=\"4e41b50\" data-element_type=\"container\" data-e-type=\"container\">\n\t\t\t\t<div class=\"elementor-element elementor-element-408dab6 elementor-position-top elementor-widget elementor-widget-image-box\" data-id=\"408dab6\" data-element_type=\"widget\" data-e-type=\"widget\" data-widget_type=\"image-box.default\">\n\t\t\t\t<div class=\"elementor-widget-container\">\n\t\t\t\t\t<div class=\"elementor-image-box-wrapper\"><figure class=\"elementor-image-box-img\"><img loading=\"lazy\" decoding=\"async\" width=\"751\" height=\"730\" src=\"https:\/\/artyplanevents.com\/wp-content\/uploads\/2025\/09\/grenguard-gold.png\" class=\"attachment-full size-full wp-image-8214\" alt=\"Grenguard gold\" srcset=\"https:\/\/artyplanevents.com\/wp-content\/uploads\/2025\/09\/grenguard-gold.png 751w, https:\/\/artyplanevents.com\/wp-content\/uploads\/2025\/09\/grenguard-gold-300x292.png 300w\" sizes=\"(max-width: 751px) 100vw, 751px\" \/><\/figure><div class=\"elementor-image-box-content\"><p class=\"elementor-image-box-description\">Ofereix la garantia que tant les tintes com els materials impresos \u2014i la combinaci\u00f3 d\u2019ambd\u00f3s en aplicacions interiors\u2014 compleixen les normes de baixes emissions de productes qu\u00edmics, protegint la salut, la qualitat i la sostenibilitat.<\/p><\/div><\/div>\t\t\t\t<\/div>\n\t\t\t\t<\/div>\n\t\t\t\t<\/article>\n\t\t<article class=\"elementor-element elementor-element-4fa9495 e-con-full e-flex e-con e-child\" data-id=\"4fa9495\" data-element_type=\"container\" data-e-type=\"container\">\n\t\t\t\t<div class=\"elementor-element elementor-element-42e4200 elementor-position-top elementor-widget elementor-widget-image-box\" data-id=\"42e4200\" data-element_type=\"widget\" data-e-type=\"widget\" data-widget_type=\"image-box.default\">\n\t\t\t\t<div class=\"elementor-widget-container\">\n\t\t\t\t\t<div class=\"elementor-image-box-wrapper\"><figure class=\"elementor-image-box-img\"><img loading=\"lazy\" decoding=\"async\" width=\"751\" height=\"730\" src=\"https:\/\/artyplanevents.com\/wp-content\/uploads\/2025\/09\/Hp-Latex.png\" class=\"attachment-full size-full wp-image-8218\" alt=\"Hp Latex\" srcset=\"https:\/\/artyplanevents.com\/wp-content\/uploads\/2025\/09\/Hp-Latex.png 751w, https:\/\/artyplanevents.com\/wp-content\/uploads\/2025\/09\/Hp-Latex-300x292.png 300w\" sizes=\"(max-width: 751px) 100vw, 751px\" \/><\/figure><div class=\"elementor-image-box-content\"><p class=\"elementor-image-box-description\">El segell de certificaci\u00f3 HP Latex garanteix una impressi\u00f3 responsable, amb tintes a base d\u2019aigua, baixa emissi\u00f3 de qu\u00edmics, compliment ambiental internacional i resultats d\u2019alta qualitat, promovent confian\u00e7a, sostenibilitat i seguretat per als clients.<\/p><\/div><\/div>\t\t\t\t<\/div>\n\t\t\t\t<\/div>\n\t\t\t\t<\/article>\n\t\t\t\t\t<\/div>\n\t\t\t\t<\/section>\n\t\t<section class=\"elementor-element elementor-element-39f3b47 e-flex e-con-boxed e-con e-child\" data-id=\"39f3b47\" data-element_type=\"container\" data-e-type=\"container\" data-settings=\"{&quot;background_background&quot;:&quot;classic&quot;}\">\n\t\t\t\t\t<div class=\"e-con-inner\">\n\t\t<div class=\"elementor-element elementor-element-9241f98 e-con-full e-flex e-con e-child\" data-id=\"9241f98\" data-element_type=\"container\" data-e-type=\"container\">\n\t\t\t\t<div class=\"elementor-element elementor-element-e328825 elementor-widget elementor-widget-image\" data-id=\"e328825\" data-element_type=\"widget\" data-e-type=\"widget\" data-widget_type=\"image.default\">\n\t\t\t\t<div class=\"elementor-widget-container\">\n\t\t\t\t\t\t\t\t\t\t\t\t\t\t\t<img loading=\"lazy\" decoding=\"async\" width=\"800\" height=\"533\" src=\"https:\/\/artyplanevents.com\/wp-content\/uploads\/2025\/11\/impresion-materiales-ecologicos.jpg\" class=\"attachment-large size-large wp-image-12612\" alt=\"Impresi\u00f3n materiales ecol\u00f3gicos\" srcset=\"https:\/\/artyplanevents.com\/wp-content\/uploads\/2025\/11\/impresion-materiales-ecologicos.jpg 800w, https:\/\/artyplanevents.com\/wp-content\/uploads\/2025\/11\/impresion-materiales-ecologicos-300x200.jpg 300w, https:\/\/artyplanevents.com\/wp-content\/uploads\/2025\/11\/impresion-materiales-ecologicos-768x512.jpg 768w\" sizes=\"(max-width: 800px) 100vw, 800px\" \/>\t\t\t\t\t\t\t\t\t\t\t\t\t\t\t<\/div>\n\t\t\t\t<\/div>\n\t\t\t\t<\/div>\n\t\t<div class=\"elementor-element elementor-element-7f66d3a e-con-full e-flex e-con e-child\" data-id=\"7f66d3a\" data-element_type=\"container\" data-e-type=\"container\">\n\t\t\t\t<div class=\"elementor-element elementor-element-55e23ac elementor-headline--style-highlight elementor-widget elementor-widget-animated-headline\" data-id=\"55e23ac\" data-element_type=\"widget\" data-e-type=\"widget\" data-settings=\"{&quot;highlighted_text&quot;:&quot;ecol\\u00f2gics&quot;,&quot;marker&quot;:&quot;underline&quot;,&quot;headline_style&quot;:&quot;highlight&quot;,&quot;loop&quot;:&quot;yes&quot;,&quot;highlight_animation_duration&quot;:1200,&quot;highlight_iteration_delay&quot;:8000}\" data-widget_type=\"animated-headline.default\">\n\t\t\t\t<div class=\"elementor-widget-container\">\n\t\t\t\t\t\t\t<h2 class=\"elementor-headline\">\n\t\t\t\t\t<span class=\"elementor-headline-plain-text elementor-headline-text-wrapper\">Tinta l\u00e0tex i materials <\/span>\n\t\t\t\t<span class=\"elementor-headline-dynamic-wrapper elementor-headline-text-wrapper\">\n\t\t\t\t\t<span class=\"elementor-headline-dynamic-text elementor-headline-text-active\">ecol\u00f2gics<\/span>\n\t\t\t\t<\/span>\n\t\t\t\t<\/h2>\n\t\t\t\t\t\t<\/div>\n\t\t\t\t<\/div>\n\t\t\t\t<div class=\"elementor-element elementor-element-d001eab elementor-widget elementor-widget-text-editor\" data-id=\"d001eab\" data-element_type=\"widget\" data-e-type=\"widget\" data-widget_type=\"text-editor.default\">\n\t\t\t\t<div class=\"elementor-widget-container\">\n\t\t\t\t\t\t\t\t\t<p>Aquestes tintes ecol\u00f2giques estan compostes de pigments i resina (pol\u00edmers) suspesos en una soluci\u00f3 d\u2019aigua amb agents humectants. Aix\u00f2 permet que la tinta s\u2019adhereixi al suport d\u2019impressi\u00f3 i que, un cop seca, la resina formi una pel\u00b7l\u00edcula flexible i resistent. <\/p><p>Ofereixen molts dels avantatges de les tintes solvents, per\u00f2 sense perjudicar el medi ambient, la salut ni la seguretat, i destaquen per la resist\u00e8ncia, la versatilitat i la qualitat. A m\u00e9s, s\u00f3n ecoamigables: en ser principalment d\u2019aigua, en assecar-se no generen olors ni residus t\u00f2xics. <\/p><p><span style=\"letter-spacing: 0.1px;\">Apostem per alternatives als materials habituals i posem el focus en nous materials sostenibles i respectuosos amb el medi ambient, ja sigui per ser reciclats i\/o reciclables o per eliminar components com el PVC.<\/span><\/p><p>Disposem d\u2019un equip d\u2019assessors que t\u2019ajudar\u00e0 a escollir els productes m\u00e9s adients perqu\u00e8 les teves comunicacions, a m\u00e9s d\u2019impactants, siguin ecol\u00f2giques.<\/p>\t\t\t\t\t\t\t\t<\/div>\n\t\t\t\t<\/div>\n\t\t\t\t<\/div>\n\t\t\t\t\t<\/div>\n\t\t\t\t<\/section>\n\t\t<section class=\"elementor-element elementor-element-b82a8e6 e-flex e-con-boxed e-con e-child\" data-id=\"b82a8e6\" data-element_type=\"container\" data-e-type=\"container\" data-settings=\"{&quot;background_background&quot;:&quot;classic&quot;}\">\n\t\t\t\t\t<div class=\"e-con-inner\">\n\t\t\t\t<div class=\"elementor-element elementor-element-08132a3 elementor-widget elementor-widget-heading\" data-id=\"08132a3\" data-element_type=\"widget\" data-e-type=\"widget\" data-widget_type=\"heading.default\">\n\t\t\t\t<div class=\"elementor-widget-container\">\n\t\t\t\t\t<h2 class=\"elementor-heading-title elementor-size-default\">Impressi\u00f3 ecol\u00f2gica a Barcelona i Madrid<\/h2>\t\t\t\t<\/div>\n\t\t\t\t<\/div>\n\t\t\t\t<div class=\"elementor-element elementor-element-f18eb8f elementor-widget elementor-widget-text-editor\" data-id=\"f18eb8f\" data-element_type=\"widget\" data-e-type=\"widget\" data-widget_type=\"text-editor.default\">\n\t\t\t\t<div class=\"elementor-widget-container\">\n\t\t\t\t\t\t\t\t\t<p style=\"text-align: center;\">Hem estat dels primers a Catalunya a disposar de la impressora de gran format HP Latex R-2000, totalment ecol\u00f2gica i eficient.<\/p><p style=\"text-align: center;\">Des dels nostres centres de producci\u00f3 a Barcelona i Madrid, invertim en l\u2019\u00faltima tecnologia d\u2019impressi\u00f3 sostenible i en processos productius m\u00e9s ecol\u00f2gics, aix\u00ed com en tintes d\u2019impressi\u00f3 ecol\u00f2giques i tecnologia UVI que no generen residus contaminants.<\/p>\t\t\t\t\t\t\t\t<\/div>\n\t\t\t\t<\/div>\n\t\t\t\t<div class=\"elementor-element elementor-element-f4fe5f9 elementor-widget elementor-widget-heading\" data-id=\"f4fe5f9\" data-element_type=\"widget\" data-e-type=\"widget\" data-widget_type=\"heading.default\">\n\t\t\t\t<div class=\"elementor-widget-container\">\n\t\t\t\t\t<h3 class=\"elementor-heading-title elementor-size-default\">Coneix els nostres centres de producci\u00f3 <\/h3>\t\t\t\t<\/div>\n\t\t\t\t<\/div>\n\t\t<div class=\"elementor-element elementor-element-379c583 e-con-full e-flex e-con e-child\" data-id=\"379c583\" data-element_type=\"container\" data-e-type=\"container\">\n\t\t<article class=\"elementor-element elementor-element-b88ec5e e-con-full e-flex e-con e-child\" data-id=\"b88ec5e\" data-element_type=\"container\" data-e-type=\"container\" data-settings=\"{&quot;background_background&quot;:&quot;classic&quot;}\">\n\t\t\t\t<div class=\"elementor-element elementor-element-805b499 elementor-cta--skin-classic elementor-animated-content elementor-bg-transform elementor-bg-transform-zoom-in elementor-widget elementor-widget-call-to-action\" data-id=\"805b499\" data-element_type=\"widget\" data-e-type=\"widget\" data-widget_type=\"call-to-action.default\">\n\t\t\t\t<div class=\"elementor-widget-container\">\n\t\t\t\t\t\t\t<div class=\"elementor-cta\">\n\t\t\t\t\t<div class=\"elementor-cta__bg-wrapper\">\n\t\t\t\t<div class=\"elementor-cta__bg elementor-bg\" style=\"background-image: url(https:\/\/artyplanevents.com\/wp-content\/uploads\/2025\/11\/alta-produccion.png);\" role=\"img\" aria-label=\"Centres d&#039;alta producci\u00f3\"><\/div>\n\t\t\t\t<div class=\"elementor-cta__bg-overlay\"><\/div>\n\t\t\t<\/div>\n\t\t\t\t\t\t\t<div class=\"elementor-cta__content\">\n\t\t\t\t\n\t\t\t\t\t\t\t\t\t<h4 class=\"elementor-cta__title elementor-cta__content-item elementor-content-item\">\n\t\t\t\t\t\tCentres d'alta producci\u00f3\t\t\t\t\t<\/h4>\n\t\t\t\t\n\t\t\t\t\t\t\t\t\t<div class=\"elementor-cta__description elementor-cta__content-item elementor-content-item\">\n\t\t\t\t\t\tComptem amb centres de producci\u00f3 interconnectats entre Barcelona i Madrid.\t\t\t\t\t<\/div>\n\t\t\t\t\n\t\t\t\t\t\t\t\t\t<div class=\"elementor-cta__button-wrapper elementor-cta__content-item elementor-content-item \">\n\t\t\t\t\t<a class=\"elementor-cta__button elementor-button elementor-size-\" href=\"https:\/\/artyplanevents.com\/centros\/centros-de-alta-produccion\/\">\n\t\t\t\t\t\tSaber-ne m\u00e9s\t\t\t\t\t<\/a>\n\t\t\t\t\t<\/div>\n\t\t\t\t\t\t\t<\/div>\n\t\t\t\t\t\t<\/div>\n\t\t\t\t\t\t<\/div>\n\t\t\t\t<\/div>\n\t\t\t\t<\/article>\n\t\t<article class=\"elementor-element elementor-element-1371e97 e-con-full e-flex e-con e-child\" data-id=\"1371e97\" data-element_type=\"container\" data-e-type=\"container\">\n\t\t\t\t<div class=\"elementor-element elementor-element-6a9cfe0 elementor-cta--skin-classic elementor-animated-content elementor-bg-transform elementor-bg-transform-zoom-in elementor-widget elementor-widget-call-to-action\" data-id=\"6a9cfe0\" data-element_type=\"widget\" data-e-type=\"widget\" data-widget_type=\"call-to-action.default\">\n\t\t\t\t<div class=\"elementor-widget-container\">\n\t\t\t\t\t\t\t<div class=\"elementor-cta\">\n\t\t\t\t\t<div class=\"elementor-cta__bg-wrapper\">\n\t\t\t\t<div class=\"elementor-cta__bg elementor-bg\" style=\"background-image: url(https:\/\/artyplanevents.com\/wp-content\/uploads\/2024\/11\/artyplan-laietana-800x600.jpg);\" role=\"img\" aria-label=\"Artyplan Laietana\"><\/div>\n\t\t\t\t<div class=\"elementor-cta__bg-overlay\"><\/div>\n\t\t\t<\/div>\n\t\t\t\t\t\t\t<div class=\"elementor-cta__content\">\n\t\t\t\t\n\t\t\t\t\t\t\t\t\t<h4 class=\"elementor-cta__title elementor-cta__content-item elementor-content-item\">\n\t\t\t\t\t\tCentres d\u2019impressi\u00f3\t\t\t\t\t<\/h4>\n\t\t\t\t\n\t\t\t\t\t\t\t\t\t<div class=\"elementor-cta__description elementor-cta__content-item elementor-content-item\">\n\t\t\t\t\t\tDescobreix els nostres centres d\u2019impressi\u00f3 a Barcelona, Vic i Reus.\t\t\t\t\t<\/div>\n\t\t\t\t\n\t\t\t\t\t\t\t\t\t<div class=\"elementor-cta__button-wrapper elementor-cta__content-item elementor-content-item \">\n\t\t\t\t\t<a class=\"elementor-cta__button elementor-button elementor-size-\" href=\"https:\/\/artyplanevents.com\/centros\/centros-impresion\/\">\n\t\t\t\t\t\tSaber-ne m\u00e9s\t\t\t\t\t<\/a>\n\t\t\t\t\t<\/div>\n\t\t\t\t\t\t\t<\/div>\n\t\t\t\t\t\t<\/div>\n\t\t\t\t\t\t<\/div>\n\t\t\t\t<\/div>\n\t\t\t\t<\/article>\n\t\t\t\t<\/div>\n\t\t\t\t\t<\/div>\n\t\t\t\t<\/section>\n\t\t\t\t<\/main>\n\t\t\t\t<\/div>\n\t\t","protected":false},"excerpt":{"rendered":"<p>Impressi\u00f3 sostenible \/ GREEN PRINT Som conscients de l\u2019emerg\u00e8ncia clim\u00e0tica i \u00e9s per aix\u00f2 que vetllar per la preservaci\u00f3 i el manteniment del medi ambient forma part de la nostra filosofia. El nostre comprom\u00eds amb la sostenibilitat es trasllada a totes les \u00e0rees del nostre treball per reduir al m\u00ednim la nostra petjada de carboni. [&hellip;]<\/p>\n","protected":false},"author":4,"featured_media":8246,"parent":11501,"menu_order":0,"comment_status":"closed","ping_status":"closed","template":"elementor_header_footer","meta":{"footnotes":""},"class_list":["post-11505","page","type-page","status-publish","has-post-thumbnail","hentry"],"yoast_head":"<!-- This site is optimized with the Yoast SEO plugin v27.4 - https:\/\/yoast.com\/product\/yoast-seo-wordpress\/ -->\n<title>Solucions d\u2019impressi\u00f3 sostenible - Artyplan<\/title>\n<meta name=\"description\" content=\"De la idea a l\u2019impr\u00e8s, apliquem economia circular: papers FSC\/PEFC, optimitzaci\u00f3 de tintes i energia. La teva marca, m\u00e9s verda amb Artyplan\" \/>\n<meta name=\"robots\" content=\"noindex, follow, max-snippet:-1, max-image-preview:large, max-video-preview:-1\" \/>\n<meta property=\"og:locale\" content=\"ca_ES\" \/>\n<meta property=\"og:type\" content=\"article\" \/>\n<meta property=\"og:title\" content=\"Solucions d\u2019impressi\u00f3 sostenible - Artyplan\" \/>\n<meta property=\"og:description\" content=\"De la idea a l\u2019impr\u00e8s, apliquem economia circular: papers FSC\/PEFC, optimitzaci\u00f3 de tintes i energia. La teva marca, m\u00e9s verda amb Artyplan\" \/>\n<meta property=\"og:url\" content=\"https:\/\/artyplanevents.com\/ca\/empresa\/impressio-sostenible-green-print\/\" \/>\n<meta property=\"og:site_name\" content=\"Artyplan\" \/>\n<meta property=\"article:publisher\" content=\"https:\/\/www.facebook.com\/artyplan\" \/>\n<meta property=\"article:modified_time\" content=\"2025-11-21T09:39:17+00:00\" \/>\n<meta property=\"og:image\" content=\"https:\/\/artyplanevents.com\/wp-content\/uploads\/2025\/09\/impresion-sostenible.png\" \/>\n\t<meta property=\"og:image:width\" content=\"1344\" \/>\n\t<meta property=\"og:image:height\" content=\"768\" \/>\n\t<meta property=\"og:image:type\" content=\"image\/png\" \/>\n<meta name=\"twitter:card\" content=\"summary_large_image\" \/>\n<meta name=\"twitter:site\" content=\"@artyplan\" \/>\n<meta name=\"twitter:label1\" content=\"Temps estimat de lectura\" \/>\n\t<meta name=\"twitter:data1\" content=\"3 minuts\" \/>\n<script type=\"application\/ld+json\" class=\"yoast-schema-graph\">{\"@context\":\"https:\\\/\\\/schema.org\",\"@graph\":[{\"@type\":\"WebPage\",\"@id\":\"https:\\\/\\\/artyplanevents.com\\\/ca\\\/empresa\\\/impressio-sostenible-green-print\\\/\",\"url\":\"https:\\\/\\\/artyplanevents.com\\\/ca\\\/empresa\\\/impressio-sostenible-green-print\\\/\",\"name\":\"Solucions d\u2019impressi\u00f3 sostenible - Artyplan\",\"isPartOf\":{\"@id\":\"https:\\\/\\\/artyplanevents.com\\\/ca\\\/#website\"},\"primaryImageOfPage\":{\"@id\":\"https:\\\/\\\/artyplanevents.com\\\/ca\\\/empresa\\\/impressio-sostenible-green-print\\\/#primaryimage\"},\"image\":{\"@id\":\"https:\\\/\\\/artyplanevents.com\\\/ca\\\/empresa\\\/impressio-sostenible-green-print\\\/#primaryimage\"},\"thumbnailUrl\":\"https:\\\/\\\/artyplanevents.com\\\/wp-content\\\/uploads\\\/2025\\\/09\\\/impresion-sostenible.png\",\"datePublished\":\"2025-09-08T09:21:52+00:00\",\"dateModified\":\"2025-11-21T09:39:17+00:00\",\"description\":\"De la idea a l\u2019impr\u00e8s, apliquem economia circular: papers FSC\\\/PEFC, optimitzaci\u00f3 de tintes i energia. La teva marca, m\u00e9s verda amb Artyplan\",\"breadcrumb\":{\"@id\":\"https:\\\/\\\/artyplanevents.com\\\/ca\\\/empresa\\\/impressio-sostenible-green-print\\\/#breadcrumb\"},\"inLanguage\":\"ca\",\"potentialAction\":[{\"@type\":\"ReadAction\",\"target\":[\"https:\\\/\\\/artyplanevents.com\\\/ca\\\/empresa\\\/impressio-sostenible-green-print\\\/\"]}]},{\"@type\":\"ImageObject\",\"inLanguage\":\"ca\",\"@id\":\"https:\\\/\\\/artyplanevents.com\\\/ca\\\/empresa\\\/impressio-sostenible-green-print\\\/#primaryimage\",\"url\":\"https:\\\/\\\/artyplanevents.com\\\/wp-content\\\/uploads\\\/2025\\\/09\\\/impresion-sostenible.png\",\"contentUrl\":\"https:\\\/\\\/artyplanevents.com\\\/wp-content\\\/uploads\\\/2025\\\/09\\\/impresion-sostenible.png\",\"width\":1344,\"height\":768,\"caption\":\"Impressi\u00f3 sostenible\"},{\"@type\":\"BreadcrumbList\",\"@id\":\"https:\\\/\\\/artyplanevents.com\\\/ca\\\/empresa\\\/impressio-sostenible-green-print\\\/#breadcrumb\",\"itemListElement\":[{\"@type\":\"ListItem\",\"position\":1,\"name\":\"Artyplan\",\"item\":\"https:\\\/\\\/artyplanevents.com\\\/ca\\\/\"},{\"@type\":\"ListItem\",\"position\":2,\"name\":\"Empresa\",\"item\":\"https:\\\/\\\/artyplanevents.com\\\/ca\\\/empresa\\\/\"},{\"@type\":\"ListItem\",\"position\":3,\"name\":\"Impressi\u00f3 sostenible \\\/ Green Print\"}]},{\"@type\":\"WebSite\",\"@id\":\"https:\\\/\\\/artyplanevents.com\\\/ca\\\/#website\",\"url\":\"https:\\\/\\\/artyplanevents.com\\\/ca\\\/\",\"name\":\"Artyplan\",\"description\":\"\",\"publisher\":{\"@id\":\"https:\\\/\\\/artyplanevents.com\\\/ca\\\/#organization\"},\"potentialAction\":[{\"@type\":\"SearchAction\",\"target\":{\"@type\":\"EntryPoint\",\"urlTemplate\":\"https:\\\/\\\/artyplanevents.com\\\/ca\\\/?s={search_term_string}\"},\"query-input\":{\"@type\":\"PropertyValueSpecification\",\"valueRequired\":true,\"valueName\":\"search_term_string\"}}],\"inLanguage\":\"ca\"},{\"@type\":\"Organization\",\"@id\":\"https:\\\/\\\/artyplanevents.com\\\/ca\\\/#organization\",\"name\":\"Artyplan\",\"url\":\"https:\\\/\\\/artyplanevents.com\\\/ca\\\/\",\"logo\":{\"@type\":\"ImageObject\",\"inLanguage\":\"ca\",\"@id\":\"https:\\\/\\\/artyplanevents.com\\\/ca\\\/#\\\/schema\\\/logo\\\/image\\\/\",\"url\":\"https:\\\/\\\/preweb.artyplan.com\\\/wp-content\\\/uploads\\\/2025\\\/11\\\/Logo-artyplan-690x690-1.png\",\"contentUrl\":\"https:\\\/\\\/preweb.artyplan.com\\\/wp-content\\\/uploads\\\/2025\\\/11\\\/Logo-artyplan-690x690-1.png\",\"width\":690,\"height\":690,\"caption\":\"Artyplan\"},\"image\":{\"@id\":\"https:\\\/\\\/artyplanevents.com\\\/ca\\\/#\\\/schema\\\/logo\\\/image\\\/\"},\"sameAs\":[\"https:\\\/\\\/www.facebook.com\\\/artyplan\",\"https:\\\/\\\/x.com\\\/artyplan\"]}]}<\/script>\n<!-- \/ Yoast SEO plugin. -->","yoast_head_json":{"title":"Solucions d\u2019impressi\u00f3 sostenible - Artyplan","description":"De la idea a l\u2019impr\u00e8s, apliquem economia circular: papers FSC\/PEFC, optimitzaci\u00f3 de tintes i energia. La teva marca, m\u00e9s verda amb Artyplan","robots":{"index":"noindex","follow":"follow","max-snippet":"max-snippet:-1","max-image-preview":"max-image-preview:large","max-video-preview":"max-video-preview:-1"},"og_locale":"ca_ES","og_type":"article","og_title":"Solucions d\u2019impressi\u00f3 sostenible - Artyplan","og_description":"De la idea a l\u2019impr\u00e8s, apliquem economia circular: papers FSC\/PEFC, optimitzaci\u00f3 de tintes i energia. La teva marca, m\u00e9s verda amb Artyplan","og_url":"https:\/\/artyplanevents.com\/ca\/empresa\/impressio-sostenible-green-print\/","og_site_name":"Artyplan","article_publisher":"https:\/\/www.facebook.com\/artyplan","article_modified_time":"2025-11-21T09:39:17+00:00","og_image":[{"width":1344,"height":768,"url":"https:\/\/artyplanevents.com\/wp-content\/uploads\/2025\/09\/impresion-sostenible.png","type":"image\/png"}],"twitter_card":"summary_large_image","twitter_site":"@artyplan","twitter_misc":{"Temps estimat de lectura":"3 minuts"},"schema":{"@context":"https:\/\/schema.org","@graph":[{"@type":"WebPage","@id":"https:\/\/artyplanevents.com\/ca\/empresa\/impressio-sostenible-green-print\/","url":"https:\/\/artyplanevents.com\/ca\/empresa\/impressio-sostenible-green-print\/","name":"Solucions d\u2019impressi\u00f3 sostenible - Artyplan","isPartOf":{"@id":"https:\/\/artyplanevents.com\/ca\/#website"},"primaryImageOfPage":{"@id":"https:\/\/artyplanevents.com\/ca\/empresa\/impressio-sostenible-green-print\/#primaryimage"},"image":{"@id":"https:\/\/artyplanevents.com\/ca\/empresa\/impressio-sostenible-green-print\/#primaryimage"},"thumbnailUrl":"https:\/\/artyplanevents.com\/wp-content\/uploads\/2025\/09\/impresion-sostenible.png","datePublished":"2025-09-08T09:21:52+00:00","dateModified":"2025-11-21T09:39:17+00:00","description":"De la idea a l\u2019impr\u00e8s, apliquem economia circular: papers FSC\/PEFC, optimitzaci\u00f3 de tintes i energia. La teva marca, m\u00e9s verda amb Artyplan","breadcrumb":{"@id":"https:\/\/artyplanevents.com\/ca\/empresa\/impressio-sostenible-green-print\/#breadcrumb"},"inLanguage":"ca","potentialAction":[{"@type":"ReadAction","target":["https:\/\/artyplanevents.com\/ca\/empresa\/impressio-sostenible-green-print\/"]}]},{"@type":"ImageObject","inLanguage":"ca","@id":"https:\/\/artyplanevents.com\/ca\/empresa\/impressio-sostenible-green-print\/#primaryimage","url":"https:\/\/artyplanevents.com\/wp-content\/uploads\/2025\/09\/impresion-sostenible.png","contentUrl":"https:\/\/artyplanevents.com\/wp-content\/uploads\/2025\/09\/impresion-sostenible.png","width":1344,"height":768,"caption":"Impressi\u00f3 sostenible"},{"@type":"BreadcrumbList","@id":"https:\/\/artyplanevents.com\/ca\/empresa\/impressio-sostenible-green-print\/#breadcrumb","itemListElement":[{"@type":"ListItem","position":1,"name":"Artyplan","item":"https:\/\/artyplanevents.com\/ca\/"},{"@type":"ListItem","position":2,"name":"Empresa","item":"https:\/\/artyplanevents.com\/ca\/empresa\/"},{"@type":"ListItem","position":3,"name":"Impressi\u00f3 sostenible \/ Green Print"}]},{"@type":"WebSite","@id":"https:\/\/artyplanevents.com\/ca\/#website","url":"https:\/\/artyplanevents.com\/ca\/","name":"Artyplan","description":"","publisher":{"@id":"https:\/\/artyplanevents.com\/ca\/#organization"},"potentialAction":[{"@type":"SearchAction","target":{"@type":"EntryPoint","urlTemplate":"https:\/\/artyplanevents.com\/ca\/?s={search_term_string}"},"query-input":{"@type":"PropertyValueSpecification","valueRequired":true,"valueName":"search_term_string"}}],"inLanguage":"ca"},{"@type":"Organization","@id":"https:\/\/artyplanevents.com\/ca\/#organization","name":"Artyplan","url":"https:\/\/artyplanevents.com\/ca\/","logo":{"@type":"ImageObject","inLanguage":"ca","@id":"https:\/\/artyplanevents.com\/ca\/#\/schema\/logo\/image\/","url":"https:\/\/preweb.artyplan.com\/wp-content\/uploads\/2025\/11\/Logo-artyplan-690x690-1.png","contentUrl":"https:\/\/preweb.artyplan.com\/wp-content\/uploads\/2025\/11\/Logo-artyplan-690x690-1.png","width":690,"height":690,"caption":"Artyplan"},"image":{"@id":"https:\/\/artyplanevents.com\/ca\/#\/schema\/logo\/image\/"},"sameAs":["https:\/\/www.facebook.com\/artyplan","https:\/\/x.com\/artyplan"]}]}},"_links":{"self":[{"href":"https:\/\/artyplanevents.com\/ca\/wp-json\/wp\/v2\/pages\/11505","targetHints":{"allow":["GET"]}}],"collection":[{"href":"https:\/\/artyplanevents.com\/ca\/wp-json\/wp\/v2\/pages"}],"about":[{"href":"https:\/\/artyplanevents.com\/ca\/wp-json\/wp\/v2\/types\/page"}],"author":[{"embeddable":true,"href":"https:\/\/artyplanevents.com\/ca\/wp-json\/wp\/v2\/users\/4"}],"replies":[{"embeddable":true,"href":"https:\/\/artyplanevents.com\/ca\/wp-json\/wp\/v2\/comments?post=11505"}],"version-history":[{"count":6,"href":"https:\/\/artyplanevents.com\/ca\/wp-json\/wp\/v2\/pages\/11505\/revisions"}],"predecessor-version":[{"id":12931,"href":"https:\/\/artyplanevents.com\/ca\/wp-json\/wp\/v2\/pages\/11505\/revisions\/12931"}],"up":[{"embeddable":true,"href":"https:\/\/artyplanevents.com\/ca\/wp-json\/wp\/v2\/pages\/11501"}],"wp:featuredmedia":[{"embeddable":true,"href":"https:\/\/artyplanevents.com\/ca\/wp-json\/wp\/v2\/media\/8246"}],"wp:attachment":[{"href":"https:\/\/artyplanevents.com\/ca\/wp-json\/wp\/v2\/media?parent=11505"}],"curies":[{"name":"wp","href":"https:\/\/api.w.org\/{rel}","templated":true}]}}